{"id":87517,"date":"2021-02-15T15:08:15","date_gmt":"2021-02-15T14:08:15","guid":{"rendered":"http:\/\/cannoni-conrad.com\/?page_id=87517"},"modified":"2021-02-17T09:46:46","modified_gmt":"2021-02-17T08:46:46","slug":"politique-de-confidentialite","status":"publish","type":"page","link":"https:\/\/cannoni-conrad.com\/fr\/privacy-policy\/","title":{"rendered":"Politique de confidentialit\u00e9"},"content":{"rendered":"<div data-elementor-type=\"wp-page\" data-elementor-id=\"87517\" class=\"elementor elementor-87517\" data-elementor-post-type=\"page\">\n\t\t\t\t\t\t<section class=\"elementor-section elementor-top-section elementor-element elementor-element-2be8767 elementor-section-boxed elementor-section-height-default elementor-section-height-default\" data-id=\"2be8767\" data-element_type=\"section\" data-e-type=\"section\" data-settings=\"{&quot;background_background&quot;:&quot;classic&quot;}\">\n\t\t\t\t\t\t<div class=\"elementor-container elementor-column-gap-default\">\n\t\t\t\t\t<div class=\"elementor-column elementor-col-100 elementor-top-column elementor-element elementor-element-8911b93\" data-id=\"8911b93\" data-element_type=\"column\" data-e-type=\"column\">\n\t\t\t<div class=\"elementor-widget-wrap elementor-element-populated\">\n\t\t\t\t\t\t<div class=\"elementor-element elementor-element-727bf4b elementor-widget elementor-widget-heading\" data-id=\"727bf4b\" data-element_type=\"widget\" data-e-type=\"widget\" data-widget_type=\"heading.default\">\n\t\t\t\t<div class=\"elementor-widget-container\">\n\t\t\t\t\t<h1 class=\"elementor-heading-title elementor-size-default\">Politique de confidentialit\u00e9<\/h1>\t\t\t\t<\/div>\n\t\t\t\t<\/div>\n\t\t\t\t<div class=\"elementor-element elementor-element-a1a88a0 elementor-widget elementor-widget-text-editor\" data-id=\"a1a88a0\" data-element_type=\"widget\" data-e-type=\"widget\" data-widget_type=\"text-editor.default\">\n\t\t\t\t<div class=\"elementor-widget-container\">\n\t\t\t\t\t\t\t\t\t<p style=\"text-align: center;\">Cannoni-Conrad est la division \u00e9cologique de Mantovana Macchedil s.a.s.<\/p><p style=\"text-align: center;\">AVIS SUR LE TRAITEMENT DES DONN\u00c9ES PERSONNELLES - CLIENTS\/FOURNISSEURS<br \/><strong>en vertu et aux fins de l'article 13 du r\u00e8glement UE 2016\/679<br \/><\/strong><strong>(R\u00e8glement g\u00e9n\u00e9ral sur la protection des donn\u00e9es)<\/strong><\/p>\t\t\t\t\t\t\t\t<\/div>\n\t\t\t\t<\/div>\n\t\t\t\t\t<\/div>\n\t\t<\/div>\n\t\t\t\t\t<\/div>\n\t\t<\/section>\n\t\t\t\t<section class=\"elementor-section elementor-top-section elementor-element elementor-element-0d513fb elementor-section-boxed elementor-section-height-default elementor-section-height-default\" data-id=\"0d513fb\" data-element_type=\"section\" data-e-type=\"section\">\n\t\t\t\t\t\t<div class=\"elementor-container elementor-column-gap-default\">\n\t\t\t\t\t<div class=\"elementor-column elementor-col-100 elementor-top-column elementor-element elementor-element-9f988fc\" data-id=\"9f988fc\" data-element_type=\"column\" data-e-type=\"column\">\n\t\t\t<div class=\"elementor-widget-wrap elementor-element-populated\">\n\t\t\t\t\t\t<div class=\"elementor-element elementor-element-ff7fc30 elementor-widget elementor-widget-text-editor\" data-id=\"ff7fc30\" data-element_type=\"widget\" data-e-type=\"widget\" data-widget_type=\"text-editor.default\">\n\t\t\t\t<div class=\"elementor-widget-container\">\n\t\t\t\t\t\t\t\t\t<p>Cher client\/fournisseur, Conform\u00e9ment \u00e0 l'article 13 du R\u00e8glement UE 2016\/679 ci-apr\u00e8s d\u00e9nomm\u00e9 le \" R\u00e8glement \" et en relation avec les donn\u00e9es personnelles vous concernant, notre soci\u00e9t\u00e9, en tant que responsable du traitement, en raison de contrats existants souhaite vous fournir les informations suivantes.<\/p><p><strong>1.<\/strong><strong style=\"background-color: transparent; color: var( --e-global-color-text ); font-family: var( --e-global-typography-text-font-family ), Sans-serif;\">Coordonn\u00e9es d'identification du responsable du traitement des donn\u00e9es<\/strong><\/p><p>Le responsable du traitement des donn\u00e9es est Mantovana Macchedil di Rentstore srls s.a.s. dont le si\u00e8ge social et op\u00e9rationnel est situ\u00e9 Via Novellara, 1 - 46100 Mantova (MN). Les coordonn\u00e9es de contact sont les suivantes : T\u00e9l\u00e9phone (+39) 391294 Fax. (+39) 0376 391307 E-mail : info@macchedil.it. Veuillez noter que, compte tenu du fait que le responsable du traitement des donn\u00e9es est \u00e9tabli au sein de l'Union europ\u00e9enne, il n'est pas n\u00e9cessaire de d\u00e9signer un repr\u00e9sentant du responsable du traitement des donn\u00e9es.<\/p><p><strong>2.coordonn\u00e9es du d\u00e9l\u00e9gu\u00e9 \u00e0 la protection des donn\u00e9es<\/strong><\/p><p>Apr\u00e8s v\u00e9rification de l'applicabilit\u00e9 des dispositions de l'article 37 du r\u00e8glement, la nomination d'un d\u00e9l\u00e9gu\u00e9 \u00e0 la protection des donn\u00e9es a \u00e9t\u00e9 \u00e9cart\u00e9e, l'entreprise ne rentrant dans aucun des cas vis\u00e9s.<\/p><p><strong>Finalit\u00e9 du traitement auquel les donn\u00e9es sont destin\u00e9es et base juridique<\/strong><\/p><p>Le traitement est destin\u00e9 \u00e0 l'ex\u00e9cution des activit\u00e9s suivantes : - Ex\u00e9cution d'obligations l\u00e9gales et\/ou contractuelles, respect des us et coutumes, concernant les activit\u00e9s commerciales de l'entreprise ; - Traitement comptable et administratif ; - Gestion des ex\u00e9cutions l\u00e9gales et des litiges ; Ex\u00e9cutions li\u00e9es \u00e0 la l\u00e9gislation en vigueur sur la sant\u00e9 et la s\u00e9curit\u00e9 au travail ; - Ex\u00e9cutions li\u00e9es \u00e0 l'application du Syst\u00e8me de gestion interne de l'entreprise ; - Envoi de communications relatives \u00e0 des offres et des promotions ; - Enregistrement des utilisateurs \u00e0 des fins de commerce \u00e9lectronique ; - G\u00e9olocalisation et enregistrement des param\u00e8tres de conduite des v\u00e9hicules lou\u00e9s ou donn\u00e9s en pr\u00eat, dont les donn\u00e9es seront utilis\u00e9es par le bailleur en cas de vol, de non restitution du v\u00e9hicule, d'accidents ou d'autres comportements illicites impliquant le v\u00e9hicule lou\u00e9 ou pr\u00eat\u00e9. La base juridique du traitement est la suivante : contrat d'acquisition\/de fourniture de biens ou de services, d\u00e9cret l\u00e9gislatif 81\/2008 tel que modifi\u00e9 et compl\u00e9t\u00e9 en ce qui concerne la l\u00e9gislation en vigueur en mati\u00e8re de sant\u00e9 et de s\u00e9curit\u00e9 au travail et les r\u00e8glements relatifs \u00e0 l'application du code civil et du code p\u00e9nal.  Le traitement est effectu\u00e9 au moyen d'op\u00e9rations ou de s\u00e9ries d'op\u00e9rations et notamment : collecte, enregistrement, organisation, conservation, \u00e9laboration, modification, comparaison, interconnexion ; s\u00e9lection, extraction, consultation, communication, blocage, effacement et destruction ; il est effectu\u00e9 avec ou sans l'aide de moyens \u00e9lectroniques ; il est effectu\u00e9 par l'organisation du Titulaire et par des soci\u00e9t\u00e9s de confiance, dont la liste est disponible au bureau du Titulaire, qui sont nos collaborateurs directs et qui op\u00e8rent en totale autonomie en tant que responsables externes distincts du traitement des donn\u00e9es, tenus de respecter par eux-m\u00eames et selon un contrat avec notre soci\u00e9t\u00e9 la r\u00e9glementation sur la protection des donn\u00e9es personnelles. entreprise \u00e0 la r\u00e9glementation sur la protection des donn\u00e9es. Les donn\u00e9es personnelles ne sont pas soumises \u00e0 la diffusion.<\/p><p><strong>4. int\u00e9r\u00eats l\u00e9gitimes du responsable du traitement des donn\u00e9es<\/strong><\/p><p>Lorsqu'un traitement au sens de l'article 6, paragraphe 1, point f), est effectu\u00e9, il a pour seule finalit\u00e9 la satisfaction des int\u00e9r\u00eats l\u00e9gitimes du responsable du traitement.<\/p><p><strong>5.les destinataires des donn\u00e9es personnelles<\/strong><\/p><p>Les donn\u00e9es personnelles collect\u00e9es pourront \u00eatre communiqu\u00e9es \u00e0 - tous les sujets dont le droit d'acc\u00e8s \u00e0 ces donn\u00e9es est reconnu en vertu de dispositions r\u00e9glementaires ; - nos collaborateurs dans le cadre de leurs fonctions respectives ; - toutes les personnes physiques et\/ou morales, publiques et\/ou priv\u00e9es lorsque la communication est n\u00e9cessaire ou fonctionnelle \u00e0 l'exercice de notre activit\u00e9 et de la mani\u00e8re et aux fins illustr\u00e9es.<\/p><p><strong>6.transfert de donn\u00e9es personnelles \u00e0 l'\u00e9tranger<\/strong><\/p><p>Le responsable du traitement n'a pas l'intention de transf\u00e9rer des donn\u00e9es personnelles \u00e0 des pays tiers ou \u00e0 des organisations internationales en dehors de l'Union europ\u00e9enne.<\/p><p><strong>7.p\u00e9riode de conservation des donn\u00e9es personnelles<\/strong><\/p><p>Le d\u00e9lai de conservation des donn\u00e9es \u00e0 des fins fiscales actuellement en vigueur (10 ans) est pris comme param\u00e8tre.<\/p><p><strong>8.<\/strong><strong>Droits de la personne concern\u00e9e<\/strong><\/p><p>La personne concern\u00e9e a le droit (chapitre III Droits de la personne concern\u00e9e) de demander au responsable du traitement l'acc\u00e8s aux donn\u00e9es \u00e0 caract\u00e8re personnel et leur rectification ou leur effacement, ainsi que la limitation ou l'opposition \u00e0 leur traitement et la portabilit\u00e9 des donn\u00e9es. Pour exercer ces droits, veuillez vous r\u00e9f\u00e9rer aux coordonn\u00e9es mentionn\u00e9es ci-dessus.<\/p><p><strong>9. retrait du consentement<\/strong><\/p><p>La personne concern\u00e9e a le droit de r\u00e9voquer le consentement donn\u00e9 en vertu de l'article 6, paragraphe 1, point a), et de l'article 9, paragraphe 2, point a).<\/p><p><strong>10.<\/strong><strong>Droit de porter plainte aupr\u00e8s de l'autorit\u00e9 de contr\u00f4le<\/strong><\/p><p>La personne concern\u00e9e a le droit d'introduire une r\u00e9clamation aupr\u00e8s de l'autorit\u00e9 de contr\u00f4le, qui peut \u00eatre jointe aux adresses suivantes Garante per la protezione dei dati personali - Piazza di Monte Citorio n. 121 00186 ROMA Fax : (+39) 06.69677.3785 Standard t\u00e9l\u00e9phonique : (+39) 06.696771 E-mail : garante@gpdp.it Courrier certifi\u00e9 : <a href=\"mailto:protocollo@pec.gpdp.it\u00a0\">protocollo@pec.gpdp.it\u00a0<\/a>. Les r\u00e9f\u00e9rences et les proc\u00e9dures pour l'exercice du droit de plainte sont disponibles sur le site web du Garante della Privacy http:\/\/www.garanteprivacy.it.<\/p><p><strong>11. divulgation des donn\u00e9es personnelles<\/strong><\/p><p>La communication et le traitement ult\u00e9rieur des donn\u00e9es personnelles sont une condition n\u00e9cessaire \u00e0 la conclusion du contrat avec notre soci\u00e9t\u00e9. \u00c0 d\u00e9faut de communication de ces informations, le contrat ne pourra \u00eatre ex\u00e9cut\u00e9.<\/p><p><strong>Processus de d\u00e9cision automatis\u00e9<\/strong><\/p><p>Les donn\u00e9es personnelles collect\u00e9es ne seront pas soumises \u00e0 des processus de d\u00e9cision automatis\u00e9s, y compris le profilage.<\/p>\t\t\t\t\t\t\t\t<\/div>\n\t\t\t\t<\/div>\n\t\t\t\t\t<\/div>\n\t\t<\/div>\n\t\t\t\t\t<\/div>\n\t\t<\/section>\n\t\t\t\t<\/div>","protected":false},"excerpt":{"rendered":"<p>Privacy Policy Cannoni-Conrad \u00e8 la divisione Ecologica di Mantovana Macchedil s.a.s. INFORMATIVA AL TRATTAMENTO DEI DATI PERSONALI \u2013 CLIENTI\/FORNITORIai sensi e per gli effetti di cui all\u2019 art. 13 \u00a0del Regolamento UE 2016\/679(Regolamento generale sulla protezione dei dati personali) Gentile Cliente\/Fornitore, ai sensi dell\u2019art.13 del Regolamento UE 2016\/679 nel seguito \u201cRegolamento\u201d ed in relazione ai [&hellip;]<\/p>\n","protected":false},"author":1,"featured_media":0,"parent":0,"menu_order":0,"comment_status":"closed","ping_status":"closed","template":"","meta":{"_acf_changed":false,"footnotes":""},"class_list":["post-87517","page","type-page","status-publish","hentry"],"acf":[],"_links":{"self":[{"href":"https:\/\/cannoni-conrad.com\/fr\/wp-json\/wp\/v2\/pages\/87517","targetHints":{"allow":["GET"]}}],"collection":[{"href":"https:\/\/cannoni-conrad.com\/fr\/wp-json\/wp\/v2\/pages"}],"about":[{"href":"https:\/\/cannoni-conrad.com\/fr\/wp-json\/wp\/v2\/types\/page"}],"author":[{"embeddable":true,"href":"https:\/\/cannoni-conrad.com\/fr\/wp-json\/wp\/v2\/users\/1"}],"replies":[{"embeddable":true,"href":"https:\/\/cannoni-conrad.com\/fr\/wp-json\/wp\/v2\/comments?post=87517"}],"version-history":[{"count":0,"href":"https:\/\/cannoni-conrad.com\/fr\/wp-json\/wp\/v2\/pages\/87517\/revisions"}],"wp:attachment":[{"href":"https:\/\/cannoni-conrad.com\/fr\/wp-json\/wp\/v2\/media?parent=87517"}],"curies":[{"name":"wp","href":"https:\/\/api.w.org\/{rel}","templated":true}]}}